{"id":108,"date":"2016-11-09T02:41:13","date_gmt":"2016-11-09T02:41:13","guid":{"rendered":"http:\/\/www.odontodulce.com.br\/?page_id=108"},"modified":"2016-11-09T02:41:13","modified_gmt":"2016-11-09T02:41:13","slug":"duvidas-frequentes","status":"publish","type":"page","link":"https:\/\/odontodulce.com.br\/index.php\/duvidas-frequentes\/","title":{"rendered":"D\u00daVIDAS FREQUENTES"},"content":{"rendered":"<p><strong>O que o consult\u00f3rio tem de diferente dos outros?<\/strong><br \/>\nN\u00f3s amamos o que fazemos e nos sentimos extremamente realizados ao ver resultados que produzem bem-estar, auto estima e satisfa\u00e7\u00e3o pessoal. Oferecemos tratamentos com elevado padr\u00e3o profissional, nos quais a busca por excel\u00eancia t\u00e9cnica e de atendimento s\u00e3o alvos a serem alcan\u00e7ados em cada atendimento. Por isso, nossa avalia\u00e7\u00e3o considera a pessoa como um todo, j\u00e1 que cada caso requer uma aten\u00e7\u00e3o especial e singular.<\/p>\n<p>Oferecemos o que temos de melhor como profissionais e como pessoas para proporcionar um ambiente seguro, agrad\u00e1vel e confort\u00e1vel. \u00c9 importante para os pacientes que se mantenham relaxados com o menor n\u00edvel de stress e ansiedade poss\u00edveis, fatores muito comuns nos procedimentos odontol\u00f3gicos convencionais.<br \/>\nParticipamos continuamente de cursos de atualiza\u00e7\u00e3o e reciclagem, oferecendo ao paciente o que a odontologia tem de mais eficaz e moderno.<\/p>\n<p>&nbsp;<\/p>\n<div class=\"accordion-heading\"><strong>Preciso marcar hora?<\/strong><\/div>\n<div id=\"collapse1\" class=\"accordion-body in\">\n<div class=\"accordion-inner\">\n<p>Sim. Este tempo fica reservado para realizar um exame detalhado das reais necessidades do paciente que nos procura, usando todo conhecimento adquirido ao longo dos anos para diagnosticar os problemas existentes e quais as melhores alternativas de tratamentos.<\/p>\n<\/div>\n<\/div>\n<p>&nbsp;<\/p>\n<p><span style=\"text-decoration: underline;\"><strong>SOBRE PREVEN\u00c7\u00c3O E HIGIENE<\/strong><\/span><\/p>\n<div class=\"accordion-heading\"><strong>Por que devo ir ao dentista pelo menos uma vez a cada 6 meses?<\/strong><\/div>\n<div id=\"collapse5\" class=\"accordion-body in\">\n<div class=\"accordion-inner\">\n<p>As visitas regulares t\u00eam como objetivo manter a higiene bucal, a sa\u00fade gengival e a integridade \u00f3ssea dos pacientes que j\u00e1 realizaram tratamento est\u00e9tico e reabilitador. S\u00f3 com um adequado controle da higiene bucal, o sucesso do tratamento realizado ter\u00e1 garantia.<\/p>\n<\/div>\n<\/div>\n<p>&nbsp;<\/p>\n<div class=\"accordion-heading\"><strong>Minha gengiva sangra ao passar fio dental, \u00e9 normal?<\/strong><\/div>\n<div id=\"collapse6\" class=\"accordion-body in\">\n<div class=\"accordion-inner\">\n<p>N\u00e3o. O normal \u00e9 escovar, passar fio e comer sem ter sangramento gengival. Existe mais de uma causa, por isso \u00e9 necess\u00e1rio a avalia\u00e7\u00e3o profissional que leva em conta as dificuldades pr\u00f3prias de cada pessoa.<\/p>\n<\/div>\n<\/div>\n<p>&nbsp;<\/p>\n<div class=\"accordion-heading\"><strong>Existe diferen\u00e7a entre as escovas de dente e fios dentais?<\/strong><\/div>\n<div id=\"collapse7\" class=\"accordion-body in\">\n<div class=\"accordion-inner\">\n<p>Sim, existem escovas e fios que dificultam a realiza\u00e7\u00e3o de uma boa higiene oral.<br \/>\nSe fizer bochecho, preciso escovar os dentes?\u2028 O bochecho de forma alguma substitui a escova\u00e7\u00e3o e o fio dental. A escolha do melhor enxaguat\u00f3rio deve ser analisada de acordo com a necessidade de cada pessoa.<\/p>\n<\/div>\n<\/div>\n<p>&nbsp;<\/p>\n<div class=\"accordion-heading\"><strong>Quanto tempo dura um tratamento odontol\u00f3gico?<\/strong><\/div>\n<div id=\"collapse8\" class=\"accordion-body in\">\n<div class=\"accordion-inner\">\n<p>A durabilidade depende muito do procedimento realizado, dos h\u00e1bitos do paciente (range os dentes, morde caneta, etc.), do consumo de alimentos e bebidas com muito corante, se \u00e9 fumante, entre outros.<\/p>\n<p>Mas o fator mais importante para durabilidade do tratamento s\u00e3o h\u00e1bitos corretos de higiene oral (seguir as orienta\u00e7\u00f5es sobre escova\u00e7\u00e3o e fio dental) e as consultas de manuten\u00e7\u00e3o no cirurgi\u00e3o-dentista.<\/p>\n<\/div>\n<\/div>\n<p>&nbsp;<\/p>\n<p><span style=\"text-decoration: underline;\"><strong>SOBRE ODONTOPEDIATRA<\/strong><\/span><\/p>\n<div class=\"accordion-heading\"><strong>Quando nascem os \u201cdentes de leite\u201d?<\/strong><\/div>\n<div id=\"collapse9\" class=\"accordion-body in\">\n<div class=\"accordion-inner\">\n<p>Os primeiros dentes que nascem s\u00e3o os \u201cdentes anteriores inferiores\u201d (os incisivos centrais inferiores dec\u00edduos), por volta do 6\u00ba m\u00eas. Um alerta aos pais \u00e9 para o nascimento dos \u201cdentes posteriores\u201d (primeiro molar dec\u00edduo), pois os mesmos nascem por volta do 16\u00ba m\u00eas, quando ainda n\u00e3o nasceram todos os \u201cdentes da frente\u201d.<\/p>\n<\/div>\n<\/div>\n<p>&nbsp;<\/p>\n<div class=\"accordion-heading\"><strong>Com que idade come\u00e7am a nascer os dentes permanentes?<\/strong><\/div>\n<div id=\"collapse10\" class=\"accordion-body in\">\n<div class=\"accordion-inner\">\n<p>Normalmente, por volta dos seis anos.<\/p>\n<\/div>\n<\/div>\n<p>&nbsp;<\/p>\n<div class=\"accordion-heading\"><strong>Qual a import\u00e2ncia do uso do fl\u00faor?<\/strong><\/div>\n<div id=\"collapse11\" class=\"accordion-body in\">\n<div class=\"accordion-inner\">\n<p>O fl\u00faor ajuda a fortalecer a camada mais externa do dente, diminuindo o aparecimento da c\u00e1rie. \u00c9 importante ressaltar que o fl\u00faor, assim como qualquer medica\u00e7\u00e3o, tem indica\u00e7\u00e3o e quantidade espec\u00edfica que depende da necessidade de cada crian\u00e7a, a qual precisa ser detectada pelo dentista que indicar\u00e1 se ser\u00e3o feitas aplica\u00e7\u00f5es no consult\u00f3rio (sob a supervis\u00e3o do dentista) ou em casa (sob supervis\u00e3o dos pais).<\/p>\n<\/div>\n<\/div>\n<p>&nbsp;<\/p>\n<div class=\"accordion-heading\"><strong>\u00c9 bom usar \u201cpasta de dente\u201d?<\/strong><\/div>\n<div id=\"collapse12\" class=\"accordion-body in\">\n<div class=\"accordion-inner\">\n<p>A pasta ou creme dental pode ser um bom aliado dos pais para estimular seus filhos a desenvolverem o h\u00e1bito da escova\u00e7\u00e3o. Por\u00e9m, os pais precisam ser informados sobre a quantidade correta e sobre o monitoramento da crian\u00e7a para impedir a ingest\u00e3o do produto.<\/p>\n<\/div>\n<\/div>\n<p>&nbsp;<\/p>\n<div class=\"accordion-heading\"><strong>Qual \u201cpasta de dente\u201d \u00e9 mais indicada?<\/strong><\/div>\n<div id=\"collapse13\" class=\"accordion-body in\">\n<div class=\"accordion-inner\">\n<p>As pastas de dente dispon\u00edveis para crian\u00e7as s\u00e3o pastas com fl\u00faor e sem fl\u00faor. A indica\u00e7\u00e3o m\u00e9dica depende da necessidade de cada crian\u00e7a, que \u00e9 diagnosticada pelo dentista.<\/p>\n<\/div>\n<\/div>\n<p>&nbsp;<\/p>\n<div class=\"accordion-heading\"><strong>Como evitar que a chupeta prejudique os dentes das crian\u00e7as?<\/strong><\/div>\n<div id=\"collapse14\" class=\"accordion-body in\">\n<div class=\"accordion-inner\">\n<p>Deixe a crian\u00e7a o m\u00ednimo poss\u00edvel com a chupeta. Para isso, alguns h\u00e1bitos podem ser bastante \u00fateis como n\u00e3o deixar a chupeta dispon\u00edvel o tempo todo, tirando-a do campo de vis\u00e3o da crian\u00e7a e n\u00e3o ofertar a menos que ela solicite.<\/p>\n<\/div>\n<\/div>\n<p>&nbsp;<\/p>\n<div class=\"accordion-heading\"><strong>At\u00e9 que idade a crian\u00e7a pode fazer uso da chupeta?<\/strong><\/div>\n<div id=\"collapse15\" class=\"accordion-body in\">\n<div class=\"accordion-inner\">\n<p>O ideal seria remover gradualmente este h\u00e1bito at\u00e9 a idade de 2 anos, pois nesta fase existe a possibilidade do pr\u00f3prio desenvolvimento \u00f3sseo da crian\u00e7a corrigir as poss\u00edveis desarmonias faciais causadas pela chupeta. Caso os pais n\u00e3o consigam, recomenda-se que a idade de 3 anos seja o limite.<\/p>\n<\/div>\n<\/div>\n<p>&nbsp;<\/p>\n<div class=\"accordion-heading\"><strong>O que o uso prolongado da chupeta pode causar?<\/strong><\/div>\n<div id=\"collapse16\" class=\"accordion-body in\">\n<div class=\"accordion-inner\">\n<p>O h\u00e1bito de suc\u00e7\u00e3o de chupeta, quando prolongado al\u00e9m do limite recomendado, pode desencadear altera\u00e7\u00e3o no crescimento e na harmonia dos ossos da face, como por exemplo a mordida aberta (quando os dentes superiores n\u00e3o tocam nos dentes inferiores) e ou mordida cruzada posterior (quando os dentes posteriores superiores n\u00e3o recobrem os dentes posteriores inferiores).<\/p>\n<\/div>\n<\/div>\n<p>&nbsp;<\/p>\n<p><span style=\"text-decoration: underline;\"><strong>SOBRE CLAREAMENTO<\/strong><\/span><\/p>\n<div class=\"accordion-heading\"><strong>Quais as indica\u00e7\u00f5es do clareamento?<\/strong><\/div>\n<div id=\"collapse17\" class=\"accordion-body in\">\n<div class=\"accordion-inner\">\n<p>O processo de clareamento, al\u00e9m de fazer com que os dentes fiquem mais claros, \u00e9 tamb\u00e9m utilizado para a padronizar a cor dos dentes. \u00c9 um procedimento pr\u00e9vio aos tratamentos est\u00e9ticos para que os dentes tenham uma cor uniforme, proporcionando um sorriso harm\u00f4nico.<\/p>\n<\/div>\n<\/div>\n<p>&nbsp;<\/p>\n<div class=\"accordion-heading\"><strong>Tenho um dente que ficou bem escuro depois que fiz \u201ctratamento de canal\u201d. <\/strong><br \/>\n<strong>O que devo fazer?<\/strong><\/div>\n<div id=\"collapse18\" class=\"accordion-body in\">\n<div class=\"accordion-inner\">\n<p>A t\u00e9cnica de clareamento mais indicada \u00e9 o clareamento interno. Realizado no consult\u00f3rio, consiste em colocar um produto dentro do dente para promover o clareamento. Por\u00e9m, a prescri\u00e7\u00e3o desse tratamento \u00e9 feito mediante um exame pr\u00e9vio e criterioso do dente em quest\u00e3o para verificar se n\u00e3o h\u00e1 outro tratamento mais indicado, como facetas ou coroas totais.<\/p>\n<\/div>\n<\/div>\n<p>&nbsp;<\/p>\n<div class=\"accordion-heading\"><strong>O clareamento enfraquece o dente?<\/strong><\/div>\n<div id=\"collapse19\" class=\"accordion-body in\">\n<div class=\"accordion-inner\">\n<p>O clareamento, desde que bem indicado e executado, n\u00e3o causa enfraquecimento dos dentes, pois sua a\u00e7\u00e3o restringe-se apenas ao aspecto da colora\u00e7\u00e3o.<\/p>\n<\/div>\n<\/div>\n<p>&nbsp;<\/p>\n<div class=\"accordion-heading\"><strong>Quais as op\u00e7\u00f5es de clareamento s\u00e3o realizadas no consult\u00f3rio?<\/strong><\/div>\n<div id=\"collapse20\" class=\"accordion-body in\">\n<div class=\"accordion-inner\">\n<p>O clareamento interno, feito para dentes que passaram por um \u201ctratamento de canal\u201d e ficaram escuros;- o clareamento domiciliar monitorado;- o clareamento no consult\u00f3rio, tamb\u00e9m chamado clareamento \u201ca laser&#8221; e a t\u00e9cnica mista.<\/p>\n<\/div>\n<\/div>\n<p>&nbsp;<\/p>\n<div class=\"accordion-heading\"><strong>Qual a diferen\u00e7a entre o clareamento domiciliar monitorado, o de consult\u00f3rio <\/strong><br \/>\n<strong>e a t\u00e9cnica mista?<\/strong><\/div>\n<div id=\"collapse21\" class=\"accordion-body in\">\n<div class=\"accordion-inner\">\n<p>No clareamento domiciliar monitorado, o paciente faz a aplica\u00e7\u00e3o em casa, mas o cirurgi\u00e3o-dentista o acompanha, definindo o melhor produto, a melhor concentra\u00e7\u00e3o e o tempo de tratamento, que varia de pessoa para pessoa.<\/p>\n<p>Na t\u00e9cnica mista, realiza-se os dois tipos de clareamento com o intuito de usufruir dos benef\u00edcios das duas t\u00e9cnicas.<\/p>\n<\/div>\n<\/div>\n<p>&nbsp;<\/p>\n<div class=\"accordion-heading\"><strong>Os produtos de clareamento dispon\u00edveis para compra f\u00e1cil s\u00e3o confi\u00e1veis?<\/strong><\/div>\n<div id=\"collapse22\" class=\"accordion-body in\">\n<div class=\"accordion-inner\">\n<p>Existem muitos produtos com f\u00e1cil acesso para compra, os quais dispensam a supervis\u00e3o de um cirurgi\u00e3o-dentista. Por\u00e9m, a a\u00e7\u00e3o de muitos deles ocorre atrav\u00e9s da abras\u00e3o dent\u00e1ria, ou seja, componentes em sua f\u00f3rmula removem algumas manchas externas e, se a pessoa realizar uma escova\u00e7\u00e3o inadequada e com uma escova impr\u00f3pria, poder\u00e1 tamb\u00e9m remover os tecidos do dente.<\/p>\n<\/div>\n<\/div>\n<p>&nbsp;<\/p>\n<p><span style=\"text-decoration: underline;\"><strong>SOBRE TRATAMENTOS EST\u00c9TICOS<\/strong><\/span><\/p>\n<div class=\"accordion-heading\"><strong>No consult\u00f3rio s\u00e3o feitas restaura\u00e7\u00f5es \u201cprateadas\u201d (am\u00e1lgamas)?<\/strong><\/div>\n<div id=\"collapse23\" class=\"accordion-body in\">\n<div class=\"accordion-inner\">\n<p>Nosso m\u00e9todo de trabalho tem um forte componente est\u00e9tico, no qual buscamos sempre aliar fun\u00e7\u00e3o e est\u00e9tica em nossos tratamentos. Por isso, apesar de ser um bom material no aspecto funcional, n\u00e3o o utilizamos por n\u00e3o atingirem a est\u00e9tica esperada pelos pacientes.<\/p>\n<\/div>\n<\/div>\n<p>&nbsp;<\/p>\n<div class=\"accordion-heading\"><strong>As restaura\u00e7\u00f5es na \u201cna cor do dente\u201d s\u00e3o resistentes?<\/strong><\/div>\n<div id=\"collapse24\" class=\"accordion-body in\">\n<div class=\"accordion-inner\">\n<p>A Odontologia Est\u00e9tica evoluiu muito, juntamente com a evolu\u00e7\u00e3o dos materiais. Da mesma maneira, as resinas \u2014 material utilizado para fazer restaura\u00e7\u00f5es na cor do dente \u2014 est\u00e3o muito resistentes e bonitas. \u00c9 importante lembrar que cada material possui sua indica\u00e7\u00e3o precisa, determinada atrav\u00e9s de exames espec\u00edficos.<\/p>\n<\/div>\n<\/div>\n<p>&nbsp;<\/p>\n<div class=\"accordion-heading\"><strong>O que s\u00e3o facetas de porcelana?<\/strong><\/div>\n<div id=\"collapse25\" class=\"accordion-body in\">\n<div class=\"accordion-inner\">\n<p>S\u00e3o l\u00e2minas refinadas em cer\u00e2mica (porcelana) aplicadas sobre a parte vis\u00edvel dos dentes. Elas t\u00eam como objetivo transformar o sorriso de maneira r\u00e1pida e eficaz, atrav\u00e9s da personaliza\u00e7\u00e3o do sorriso. Utilizando facetas altera-se a cor, a forma e a posi\u00e7\u00e3o dos dentes de maneira muito natural.<\/p>\n<\/div>\n<\/div>\n<p>&nbsp;<\/p>\n<div class=\"accordion-heading\"><strong>Como vou saber se eu vou gostar do tratamento com as facetas de porcelana?<\/strong><\/div>\n<div id=\"collapse26\" class=\"accordion-body in\">\n<div class=\"accordion-inner\">\n<p>Uma an\u00e1lise est\u00e9tica criteriosa \u00e9 realizada previamente ao tratamento. Atrav\u00e9s de um estudo das caracter\u00edsticas faciais e dentais, realizamos um \u201cenceramento diagn\u00f3stico\u201d (uma \u201cmaquete\u201d de como v\u00e3o ficar os dentes) a qual \u00e9 transferida para o paciente atrav\u00e9s de um ensaio com materiais que simulam o resultado final. S\u00f3 ap\u00f3s a aprova\u00e7\u00e3o do paciente, os dentes s\u00e3o preparados para receber as facetas em porcelana.<\/p>\n<\/div>\n<\/div>\n<p>&nbsp;<\/p>\n<div class=\"accordion-heading\"><strong>Meus dentes est\u00e3o bem menores do que eram. Isso tem tratamento?<\/strong><\/div>\n<div id=\"collapse27\" class=\"accordion-body in\">\n<div class=\"accordion-inner\">\n<p>Primeiramente \u00e9 preciso descobrir a causa do desgaste, o qual pode estar associado \u00e0 acidez, altera\u00e7\u00f5es na forma\u00e7\u00e3o dos dentes (deixando as estruturas dent\u00e1rias mais fr\u00e1geis) e ou h\u00e1bitos parafuncionais (quando os dentes s\u00e3o submetidos \u00e0 for\u00e7as maiores que as for\u00e7as alimentares, como por exemplo, o bruxismo).<\/p>\n<p>O tratamento geralmente \u00e9 multidisciplinar e requer um planejamento criterioso, buscando devolver n\u00e3o apenas a est\u00e9tica dental, mas uma fun\u00e7\u00e3o adequada aos dentes, \u00e0 musculatura mastigat\u00f3ria e \u00e0 articula\u00e7\u00e3o facial.<\/p>\n<\/div>\n<\/div>\n<p>&nbsp;<\/p>\n<p><span style=\"text-decoration: underline;\"><strong>SOBRE IMPLANTES<\/strong><\/span><\/p>\n<div class=\"accordion-heading\"><strong>O que \u00e9 um implante?<\/strong><\/div>\n<div id=\"collapse28\" class=\"accordion-body in\">\n<div class=\"accordion-inner\">\n<p>\u00c9 um pino instalado no osso que fica dentro da gengiva. O implante tem por objetivo substituir a raiz do dente perdido para que suporte uma pr\u00f3tese (uma r\u00e9plica do dente).<\/p>\n<\/div>\n<\/div>\n<p>&nbsp;<\/p>\n<div class=\"accordion-heading\"><strong>Qual a vantagem de fazer implante?<\/strong><\/div>\n<div id=\"collapse29\" class=\"accordion-body in\">\n<div class=\"accordion-inner\">\n<p>O implante \u00e9 a \u00fanica alternativa prot\u00e9tica que promove a preserva\u00e7\u00e3o do tecido \u00f3sseo. O fato de ser instalado dentro do osso \u00e9 o seu diferencial, pois paralisa o processo de atrofia \u00f3ssea que teve in\u00edcio com a remo\u00e7\u00e3o do dente.<\/p>\n<\/div>\n<\/div>\n<p>&nbsp;<\/p>\n<div class=\"accordion-heading\"><strong>D\u00f3i para fazer implante?<\/strong><\/div>\n<div id=\"collapse30\" class=\"accordion-body in\">\n<div class=\"accordion-inner\">\n<p>Atualmente existem muitos recursos e t\u00e9cnicas que tornaram as cirurgias muito tranquilas e as poss\u00edveis dores s\u00e3o muito bem controladas com medica\u00e7\u00e3o.<\/p>\n<\/div>\n<\/div>\n<p>&nbsp;<\/p>\n<div class=\"accordion-heading\"><strong>Perdi meus dentes faz muito tempo, mesmo assim posso fazer implante?<\/strong><\/div>\n<div id=\"collapse31\" class=\"accordion-body in\">\n<div class=\"accordion-inner\">\n<p>\u00c9 preciso uma avalia\u00e7\u00e3o pr\u00e9via. Primeiro \u00e9 feito um exame detalhado analisando a condi\u00e7\u00e3o \u00f3ssea, gengival e a harmonia do sorriso com as linhas faciais e solicitado uma tomografia computadorizada (um exame mais preciso para an\u00e1lise de espessura e altura \u00f3ssea). Com todas essas informa\u00e7\u00f5es, \u00e9 realizado um plano de tratamento no qual pode indicar uma cirurgia de regenera\u00e7\u00e3o \u00f3ssea pr\u00e9via para, posteriormente, instalar os implantes.<\/p>\n<\/div>\n<\/div>\n<p>&nbsp;<\/p>\n<div class=\"accordion-heading\"><strong>N\u00e3o tenho quantidade \u00f3ssea suficiente para colocar implante. O que eu fa\u00e7o?<\/strong><\/div>\n<div id=\"collapse32\" class=\"accordion-body in\">\n<div class=\"accordion-inner\">\n<p>Ser\u00e1 necess\u00e1ria a realiza\u00e7\u00e3o de procedimentos de enxertia \u00f3ssea, induzindo a uma neoforma\u00e7\u00e3o \u00f3ssea para viabilizar a instala\u00e7\u00e3o de implantes.<\/p>\n<\/div>\n<\/div>\n<p>&nbsp;<\/p>\n<div class=\"accordion-heading\"><strong>Quais os tipos de enxerto que existem?<\/strong><\/div>\n<div id=\"collapse33\" class=\"accordion-body in\">\n<div class=\"accordion-inner\">\n<p>As reconstru\u00e7\u00f5es \u00f3sseas podem ser realizada atrav\u00e9s de enxerto \u00f3sseo obtido do pr\u00f3prio paciente (s\u00e3o os enxertos aut\u00f3genos), de materiais que promovem a estimula\u00e7\u00e3o \u00f3ssea ou de materiais que atuam como substitutos \u00f3sseos. O que determina a escolha da enxertia \u00e9 a quantidade de osso ausente.<\/p>\n<\/div>\n<\/div>\n<p>&nbsp;<\/p>\n<div class=\"accordion-heading\"><strong>Ouvi falar de um implante que \u00e9 feito mesmo quando n\u00e3o tem osso. Isso existe?<\/strong><\/div>\n<div id=\"collapse34\" class=\"accordion-body in\">\n<div class=\"accordion-inner\">\n<p>Sim, s\u00e3o os implantes zigom\u00e1ticos. S\u00e3o pinos de tit\u00e2nio mais longos instalados em um osso da face (osso zigom\u00e1tico \u2013 a \u201cma\u00e7\u00e3 do rosto\u201d), por isso s\u00e3o indicados para regi\u00e3o superior nos casos de perda \u00f3ssea severa.<\/p>\n<\/div>\n<\/div>\n<p>&nbsp;<\/p>\n<div class=\"accordion-group\"><strong>\u00a0<\/strong><\/div>\n<div class=\"accordion-group\">\n<div class=\"accordion-heading\"><strong> Vi uma reportagem que mostrava a coloca\u00e7\u00e3o de um pino no osso e, j\u00e1 no outro dia, o paciente estava com dente. Todo mundo pode fazer isso?<\/strong><\/div>\n<div id=\"collapse35\" class=\"accordion-body in\">\n<div class=\"accordion-inner\">\n<p>Esta t\u00e9cnica \u00e9 chamada de Carga Imediata. A evolu\u00e7\u00e3o das t\u00e9cnicas, materiais e dos implantes permitem que, na cirurgia de instala\u00e7\u00e3o do implante, o mesmo seja monitorado e sabe-se com que estabilidade este implante foi instalado. Quando se obt\u00eam uma alta estabilidade, o implante tem condi\u00e7\u00f5es de suportar uma pr\u00f3tese. Essa t\u00e9cnica, por\u00e9m, n\u00e3o \u00e9 poss\u00edvel para todos os casos.<\/p>\n<\/div>\n<\/div>\n<\/div>\n<p>&nbsp;<\/p>\n<div class=\"accordion-heading\"><strong> As cirurgias realizadas sem abrir a gengiva s\u00e3o seguras?<\/strong><\/div>\n<div id=\"collapse36\" class=\"accordion-body in\">\n<div class=\"accordion-inner\">\n<p>S\u00e3o as chamadas Cirurgias Guiadas. \u00c9 uma t\u00e9cnica de instala\u00e7\u00e3o de implantes na qual o planejamento \u00e9 feito no computador e transferido para a boca do paciente atrav\u00e9s de guias cir\u00fargicos reproduzidos com os dados obtidos na tomografia computadorizada, viabilizando uma cirurgia sem cortes. Desde que bem indicada (n\u00e3o \u00e9 para todos os casos), bem planejada e bem executada, \u00e9 uma t\u00e9cnica segura.<\/p>\n<\/div>\n<\/div>\n<p>&nbsp;<\/p>\n<div class=\"accordion-heading\"><strong>Implante dura para sempre?<\/strong><\/div>\n<div id=\"collapse37\" class=\"accordion-body in\">\n<div class=\"accordion-inner\">\n<p>Sempre lembro os meus pacientes que, se nem os dentes naturais duram para sempre, n\u00e3o ser\u00e1 o implante que ir\u00e1 durar. Quando o paciente tem uma boa higiene oral, n\u00e3o tem h\u00e1bitos parafuncionais (apertar ou ranger os dentes) e faz regularmente as manuten\u00e7\u00f5es, a durabilidade do tratamento pode ser prolongada por muitos anos.<\/p>\n<\/div>\n<\/div>\n<p>&nbsp;<\/p>\n<p><span style=\"text-decoration: underline;\"><strong>SOBRE APARELHOS ORTOD\u00d4NTICOS<\/strong><\/span><\/p>\n<div class=\"accordion-heading\"><strong>Colocar aparelho \u00e9 s\u00f3 para ficar bonito?<\/strong><\/div>\n<div id=\"collapse38\" class=\"accordion-body in\">\n<div class=\"accordion-inner\">\n<p>As indica\u00e7\u00f5es para realizar um tratamento ortod\u00f4ntico s\u00e3o, primeiramente, proporcionar um bom alinhamento dos dentes, evitar perdas dent\u00e1rias e proporcionar facilidade para higieniza\u00e7\u00e3o e uma distribui\u00e7\u00e3o equilibrada das for\u00e7as mastigat\u00f3rias. Com o t\u00e9rmino do tratamento, o paciente usufrui tamb\u00e9m do benef\u00edcio est\u00e9tico.<\/p>\n<\/div>\n<\/div>\n<p>&nbsp;<\/p>\n<div class=\"accordion-heading\"><strong>Tratamento com aparelho \u00e9 sempre demorado?<\/strong><\/div>\n<div id=\"collapse39\" class=\"accordion-body in\">\n<div class=\"accordion-inner\">\n<p>O tempo de tratamento nem sempre \u00e9 demorado, dependendo da complexidade do caso e do tipo de aparelho indicado.<\/p>\n<\/div>\n<\/div>\n<p>&nbsp;<\/p>\n<div class=\"accordion-group\"><\/div>\n<div class=\"accordion-group\">\n<div class=\"accordion-heading\"><strong> Qual a fun\u00e7\u00e3o do mini implante e sua vantagem quando comparado ao aparelho extra bucal?<\/strong><\/div>\n<div id=\"collapse40\" class=\"accordion-body in\">\n<div class=\"accordion-inner\">\n<p>Os mini implantes s\u00e3o recursos que proporcionam apoio para realizar os movimentos dent\u00e1rios e promover o alinhamento dos dentes. Proporcionam ao paciente, privacidade e conforto, diferente dos aparelhos extra bucais, que geram inevit\u00e1veis constrangimentos sociais.<\/p>\n<\/div>\n<\/div>\n<\/div>\n<p>&nbsp;<\/p>\n<div class=\"accordion-heading\"><strong>Existe aparelho que n\u00e3o aparece?<\/strong><\/div>\n<div id=\"collapse41\" class=\"accordion-body in\">\n<div class=\"accordion-inner\">\n<p>Sim. No nosso consult\u00f3rio utilizamos a t\u00e9cnica Invisalign\u00ae, uma s\u00e9rie de alinhadores transparentes e remov\u00edveis que corrigem o posicionamento dos dentes sem a utiliza\u00e7\u00e3o de fios.<\/p>\n<\/div>\n<\/div>\n<p>&nbsp;<\/p>\n<div class=\"accordion-heading\"><strong>Como Invisalign\u00ae funciona?<\/strong><\/div>\n<div id=\"collapse42\" class=\"accordion-body in\">\n<div class=\"accordion-inner\">\n<p>O Invisalign\u00ae usa tecnologia de imagem 3-D para descrever um completo plano de tratamento com imagens da posi\u00e7\u00e3o inicial at\u00e9 a posi\u00e7\u00e3o final desejada, a partir de uma s\u00e9rie de \u201calinhadores\u201d personalizados transparentes. Cada alinhador move o dente lentamente e cada um \u00e9 usado por volta de duas semanas, sendo substitu\u00eddo pela pr\u00f3xima s\u00e9rie at\u00e9 atingir a posi\u00e7\u00e3o final desejada.<\/p>\n<\/div>\n<\/div>\n<p>&nbsp;<\/p>\n<div class=\"accordion-heading\"><strong>Quais s\u00e3o as principais vantagens do Invisalign\u00ae?<\/strong><\/div>\n<div id=\"collapse43\" class=\"accordion-body in\">\n<div class=\"accordion-inner\">\n<p>\u00c9 transparente, remov\u00edvel e confort\u00e1vel. Seus dentes v\u00e3o sendo endireitados sem ningu\u00e9m perceber. Diferentemente de aparelhos fixos, voc\u00ea pode comer e beber o que quiser durante o tratamento. N\u00e3o existem fios ou metais que possam causar irrita\u00e7\u00f5es na boca e, sem eles, o tempo na cadeira do seu ortodontista para ajustes ser\u00e1 menor. O Invisalign\u00ae ainda permite visualizar seu pr\u00f3prio plano de tratamento antes de iniciar seu caso.<\/p>\n<\/div>\n<\/div>\n<p>&nbsp;<\/p>\n<div class=\"accordion-heading\"><strong>Como s\u00e3o esses alinhadores?<\/strong><\/div>\n<div id=\"collapse44\" class=\"accordion-body in\">\n<div class=\"accordion-inner\">\n<p>Os alinhadores parecem com placas para clareamento dental, mas s\u00e3o personalizados para uma movimenta\u00e7\u00e3o dent\u00e1ria sequencial. Alguns ortodontistas se referem a eles como a \u201clente de contato dos dentes\u201d.<\/p>\n<\/div>\n<\/div>\n<p>&nbsp;<\/p>\n<div class=\"accordion-heading\"><strong>Como Invisalign\u00ae move dentes?<\/strong><\/div>\n<div id=\"collapse45\" class=\"accordion-body in\">\n<div class=\"accordion-inner\">\n<p>Como br\u00e1quetes e fios, os alinhadores movem dentes atrav\u00e9s de uma for\u00e7a aplicada nos dentes de forma controlada. A principal diferen\u00e7a \u00e9 que Invisalign\u00ae n\u00e3o somente controla as for\u00e7as, mas tamb\u00e9m controla o tempo de aplica\u00e7\u00e3o dessas for\u00e7as. A cada est\u00e1gio de alinhadores, somente certos dentes s\u00e3o movimentados, e estes movimentos s\u00e3o determinados pelo plano de tratamento ortod\u00f4ntico para aquele particular est\u00e1gio. O resultado \u00e9 um sistema de libera\u00e7\u00e3o de for\u00e7a eficiente e controlada.<\/p>\n<\/div>\n<\/div>\n<p>&nbsp;<\/p>\n<p><span style=\"text-decoration: underline;\"><strong>SOBRE ODONTOLOGIA DO ESPORTE<\/strong><\/span><\/p>\n<div class=\"accordion-heading\"><strong>Traumas s\u00f3 acontecem com atletas de alta performance?<\/strong><\/div>\n<div id=\"collapse46\" class=\"accordion-body in\">\n<div class=\"accordion-inner\">\n<p>N\u00e3o. Todo praticante de esporte est\u00e1 sujeito a traumas. Por isso, \u00e9 importante que o dentista conhe\u00e7a o esporte praticado e os riscos odontol\u00f3gicos que essa modalidade pode ser causar, para que ele possa direcionar o tratamento de forma preventiva.<\/p>\n<\/div>\n<\/div>\n<p>&nbsp;<\/p>\n<div class=\"accordion-heading\"><strong>Como o tratamento odontol\u00f3gico pode complementar o tratamento da fisioterapia na recupera\u00e7\u00e3o de les\u00f5es?<\/strong><\/div>\n<div id=\"collapse47\" class=\"accordion-body collapse\">\n<div class=\"accordion-inner\">\n<p>N\u00e3o adianta realizar trabalhos para desenvolvimento muscular se o atleta tiver focos de infec\u00e7\u00e3o em sua boca, pois estes limitam o crescimento do tecido muscular, impedindo a obten\u00e7\u00e3o dos benef\u00edcios da fisioterapia.<\/p>\n<\/div>\n<\/div>\n<p>&nbsp;<\/p>\n<div class=\"accordion-heading\"><strong>Todos os protetores bucais s\u00e3o bons?<\/strong><\/div>\n<div id=\"collapse48\" class=\"accordion-body in\">\n<div class=\"accordion-inner\">\n<p>N\u00e3o. Se o protetor bucal n\u00e3o for adequado ele pode piorar o rendimento do atleta, em vez de proteg\u00ea-lo.<\/p>\n<\/div>\n<\/div>\n<p>&nbsp;<\/p>\n<div class=\"accordion-heading\"><strong>Quais as caracter\u00edsticas do protetor bucal?<\/strong><\/div>\n<div id=\"collapse499\" class=\"accordion-body in\">\n<div class=\"accordion-inner\">\n<p>Os protetores reduzem os danos de impacto na gengiva, nos dentes, nas ra\u00edzes, nas estruturas e articula\u00e7\u00e3o da face (ATM), promovendo o aumento do rendimento f\u00edsico e a diminui\u00e7\u00e3o das tens\u00f5es musculares.<\/p>\n<\/div>\n<\/div>\n<p>&nbsp;<\/p>\n<div class=\"accordion-heading\"><strong>Quais as vantagens de usar um protetor bucal?<\/strong><\/div>\n<div id=\"collapse49\" class=\"accordion-body in\">\n<div class=\"accordion-inner\">\n<p>Os protetores reduzem os danos de impacto na gengiva, nos dentes, nas ra\u00edzes, nas estruturas e articula\u00e7\u00e3o da face (ATM), promovendo o aumento do rendimento f\u00edsico e a diminui\u00e7\u00e3o das tens\u00f5es musculares.<\/p>\n<\/div>\n<\/div>\n<p>&nbsp;<\/p>\n<p><span style=\"text-decoration: underline;\"><strong>SOBRE ODONTOLOGIA DOMICILIAR E HOSPITALAR<\/strong><\/span><\/p>\n<div class=\"accordion-heading\"><i class=\"icon-minus\"><\/i> <strong>O que \u00e9 a odontologia domiciliar?<\/strong><\/div>\n<div id=\"collapse50\" class=\"accordion-body in\">\n<div class=\"accordion-inner\">\n<p>\u00c9 o tratamento odontol\u00f3gico realizado no local onde encontra-se o paciente, geralmente idoso, que n\u00e3o pode se deslocar at\u00e9 o consult\u00f3rio.<br \/>\nEsse atendimento pode acontecer em resid\u00eancias, hospitais, cl\u00ednicas de repouso, etc.<\/p>\n<\/div>\n<\/div>\n<p>&nbsp;<\/p>\n<div class=\"accordion-heading\"><strong>Qualquer dentista pode realizar a odontologia domiciliar?<\/strong><\/div>\n<div id=\"collapse51\" class=\"accordion-body in\">\n<div class=\"accordion-inner\">\n<p>N\u00e3o. Quem est\u00e1 apto para esta fun\u00e7\u00e3o \u00e9 o dentista especializado em Odontogeriatria, que conta com aparelhos exclusivos para atendimento domiciliar, conhecimento e treinamento espec\u00edficos para a terceira idade.<\/p>\n<\/div>\n<\/div>\n<p>&nbsp;<\/p>\n<div class=\"accordion-heading\"><strong>O que o Odontogeriatra faz?<\/strong><\/div>\n<div id=\"collapse52\" class=\"accordion-body in\">\n<div class=\"accordion-inner\">\n<p>\u00c9 o profissional que especializou-se no tratamento da sa\u00fade bucal preventiva e terap\u00eautica de pessoas idosas, levando em considera\u00e7\u00e3o todas as particularidades e a sa\u00fade geral de pessoas da terceira idade, e n\u00e3o apenas a sa\u00fade bucal.<\/p>\n<\/div>\n<\/div>\n<p>&nbsp;<\/p>\n<div class=\"accordion-heading\"><strong>O que o idoso tem de diferente?<\/strong><\/div>\n<div id=\"collapse54\" class=\"accordion-body in\">\n<div class=\"accordion-inner\">\n<p>Os cuidados da sa\u00fade geral do idoso s\u00e3o muito espec\u00edficos, exigindo assim uma intera\u00e7\u00e3o maior entre o dentista e o m\u00e9dico.<\/p>\n<\/div>\n<\/div>\n<p>&nbsp;<\/p>\n<div class=\"accordion-heading\"><strong>Quais os tratamentos realizados?<\/strong><\/div>\n<div id=\"collapse55\" class=\"accordion-body in\">\n<div class=\"accordion-inner\">\n<p>Dependem das necessidades de quem precisa do tratamento. Al\u00e9m dos tratamentos odontol\u00f3gicos mais comuns, alguns procedimentos buscam a elimina\u00e7\u00e3o de dores, a manuten\u00e7\u00e3o da sa\u00fade bucal, e, em alguns casos, orientar o paciente a realizar sua higiene oral da melhor maneira poss\u00edvel, com procedimentos que levam em considera\u00e7\u00e3o as limita\u00e7\u00f5es de cada pessoa.<\/p>\n<\/div>\n<\/div>\n<p>&nbsp;<\/p>\n<p><span style=\"text-decoration: underline;\"><strong>SOBRE ENDODONTIA<\/strong><\/span><\/p>\n<div class=\"accordion-heading\"><strong>O que \u00e9 tratamento de canal?<\/strong><\/div>\n<div id=\"collapse56\" class=\"accordion-body in\">\n<div class=\"accordion-inner\">\n<p>\u00c9 a remo\u00e7\u00e3o, desinfec\u00e7\u00e3o e preenchimento da regi\u00e3o mais interna do dente, conhecido como \u201cnervo\u201d.<\/p>\n<\/div>\n<\/div>\n<p>&nbsp;<\/p>\n<div class=\"accordion-heading\"><strong>Quando est\u00e1 indicado realizar o tratamento de canal?<\/strong><\/div>\n<div id=\"collapse57\" class=\"accordion-body in\">\n<div class=\"accordion-inner\">\n<p>Quando os tecidos vivos do dente (nervo e vasos sangu\u00edneos) encontram-se inflamados, infeccionados ou quando perderam a vitalidade, em geral por c\u00e1rie ou trauma.<\/p>\n<\/div>\n<\/div>\n<p>&nbsp;<\/p>\n<div class=\"accordion-heading\"><strong>Quais os benef\u00edcios do tratamento de canal?<\/strong><\/div>\n<div id=\"collapse58\" class=\"accordion-body in\">\n<div class=\"accordion-inner\">\n<p>Impedir a remo\u00e7\u00e3o do dente e possibilitar que o mesmo volte a desempenhar suas fun\u00e7\u00f5es mastigat\u00f3rias com est\u00e9tica e sa\u00fade.<\/p>\n<\/div>\n<\/div>\n<p>&nbsp;<\/p>\n<div class=\"accordion-heading\"><strong>O tratamento de canal \u00e9 muito demorado?<\/strong><\/div>\n<div id=\"collapse59\" class=\"accordion-body in\">\n<div class=\"accordion-inner\">\n<p>N\u00e3o. Atualmente a evolu\u00e7\u00e3o das t\u00e9cnicas e dos equipamentos permitem ao profissional especializado realizar a maioria dos tratamentos no tempo de uma consulta, salvo casos mais complexos.<\/p>\n<\/div>\n<\/div>\n<p>&nbsp;<\/p>\n<div class=\"accordion-heading\"><strong>Como o tratamento de canal promove sa\u00fade aos tecidos que est\u00e3o envolta do dente?<\/strong><\/div>\n<div id=\"collapse60\" class=\"accordion-body in\">\n<div class=\"accordion-inner\">\n<p>Quando ocorre uma altera\u00e7\u00e3o nos tecidos vivos do dente, desencadeia-se um processo de inflama\u00e7\u00e3o que, se n\u00e3o for tratamento, evolui para uma infec\u00e7\u00e3o no osso que suporta o dente. Com o \u201ctratamento de canal\u201d, limpa-se a regi\u00e3o infeccionada do dente, proporcionando sa\u00fade aos tecidos que o suportam.<\/p>\n<\/div>\n<\/div>\n<p>&nbsp;<\/p>\n<p><span style=\"text-decoration: underline;\"><strong>SOBRE DOR OROFACIAL<\/strong><\/span><\/p>\n<div class=\"accordion-heading\"><strong>Estava com uma dor no fundo do olho, fui no m\u00e9dico e ele mandou procurar um dentista. Por qu\u00ea?<\/strong><\/div>\n<div id=\"collapse61\" class=\"accordion-body in\">\n<div class=\"accordion-inner\">\n<p>Altera\u00e7\u00e3o muscular pode acarretar dor nos fundo dos olhos, que \u00e9 tratada pelo dentista por que o m\u00fasculo que necessita de tratamento \u00e9 um m\u00fasculo da mastiga\u00e7\u00e3o.<\/p>\n<\/div>\n<\/div>\n<p>&nbsp;<\/p>\n<div class=\"accordion-heading\"><strong>Por que quando abro e fecho a boca escuto um barulho?<\/strong><\/div>\n<div id=\"collapse62\" class=\"accordion-body in\">\n<div class=\"accordion-inner\">\n<p>Na cabe\u00e7a tem uma articula\u00e7\u00e3o chamada articula\u00e7\u00e3o temporomandibular (ATM), que \u00e9 respons\u00e1vel pelos movimentos essenciais na nossa vida, como falar, comer, rir, cantar, etc. Quando ocorre uma altera\u00e7\u00e3o nesta articula\u00e7\u00e3o, um dos primeiros sinais s\u00e3o os \u201cbarulhos\u201d (estalidos), os quais precisam ser examinados afim de que se possa elaborar um plano de tratamento.<\/p>\n<\/div>\n<\/div>\n<p>&nbsp;<\/p>\n<div class=\"accordion-heading\"><strong>Estava com dor de ouvido, fui no m\u00e9dico e ele mandou procurar um dentista. Por qu\u00ea?<\/strong><\/div>\n<div id=\"collapse63\" class=\"accordion-body in\">\n<div class=\"accordion-inner\">\n<p>A ATM est\u00e1 localizada pr\u00f3xima ao ouvido, por isso \u00e9 comum a sensa\u00e7\u00e3o que a dor est\u00e1 sendo causada por ele. O dentista especialista em dor, conhece as estruturas anat\u00f4micas da articula\u00e7\u00e3o, os m\u00fasculos mastigat\u00f3rios e as poss\u00edvel intera\u00e7\u00f5es dent\u00e1rias que podem provocar sensa\u00e7\u00f5es dolorosas.<\/p>\n<\/div>\n<\/div>\n<p>&nbsp;<\/p>\n<div class=\"accordion-heading\"><strong>Tenho dores de cabe\u00e7a frequentes, elas podem ter rela\u00e7\u00e3o com os dentes?<\/strong><\/div>\n<div id=\"collapse64\" class=\"accordion-body in\">\n<div class=\"accordion-inner\">\n<p>Sim, pois altera\u00e7\u00f5es nos m\u00fasculos mastigat\u00f3rios, na articula\u00e7\u00e3o (ATM) e nos dentes podem causar dores de cabe\u00e7a.<\/p>\n<\/div>\n<\/div>\n<p>&nbsp;<\/p>\n<p><span style=\"text-decoration: underline;\"><strong>SOBRE BRUXISMO<\/strong><\/span><\/p>\n<div class=\"accordion-heading\"><strong>O que \u00e9 bruxismo?<\/strong><\/div>\n<div id=\"collapse65\" class=\"accordion-body in\">\n<div class=\"accordion-inner\">\n<p>\u00c9 uma for\u00e7a exc\u00eantrica gerada no contato dos dentes superiores com os dentes inferiores de forma involunt\u00e1ria. Devido \u00e0 sua intensidade (pode ser at\u00e9 quarto vezes maior que a for\u00e7a alimentar), \u00e9 extremamente prejudicial para dentes e articula\u00e7\u00e3o.<\/p>\n<\/div>\n<\/div>\n<p>&nbsp;<\/p>\n<div class=\"accordion-heading\"><strong>Quais as consequ\u00eancias do bruxismo?<\/strong><\/div>\n<div id=\"collapse66\" class=\"accordion-body in\">\n<div class=\"accordion-inner\">\n<p>Pode afetar os dentes, m\u00fasculos ou a articula\u00e7\u00e3o (ATM). Nos dentes, pode gerar dores que levam ao \u201ctratamento de canal\u201d e ou um acentuado desgaste. Nos m\u00fasculos pode causar uma sobrecarga a qual d\u00e1 origem aos pontos gatilhos miofaciais (trigger points), os quais d\u00e3o origem a dores referidas (ou seja em locais diferentes da localiza\u00e7\u00e3o prim\u00e1ria deste ponto). Na articula\u00e7\u00e3o (ATM), o bruxismo causa microtraumas intra-articulares, levando a processos degenerativos \u00f3sseos, como a osteoartrite e a osteoartrose.<\/p>\n<\/div>\n<\/div>\n<p>&nbsp;<\/p>\n<div class=\"accordion-heading\"><strong>Quais os sintomas do bruxismo?<\/strong><\/div>\n<div id=\"collapse67\" class=\"accordion-body in\">\n<div class=\"accordion-inner\">\n<p>Barulhos; desgaste dent\u00e1rio; dores na face, cabe\u00e7a e pesco\u00e7o.<\/p>\n<\/div>\n<\/div>\n<p>&nbsp;<\/p>\n<p><span style=\"text-decoration: underline;\"><strong>SOBRE RONCO E APN\u00c9IA<\/strong><\/span><\/p>\n<div class=\"accordion-heading\"><strong>Quais as indica\u00e7\u00f5es do aparelho feito pelo dentista para ronco e apn\u00e9ia?<\/strong><\/div>\n<div id=\"collapse68\" class=\"accordion-body in\">\n<div class=\"accordion-inner\">\n<p>O \u201caparelho\u201d (dispositivo interoclusal) \u00e9 indicado para apn\u00e9ia leve e moderada, casos de roncopatia e nos casos de apn\u00e9ia severa nos quais o paciente n\u00e3o se adaptou a alta press\u00e3o do CPAP (com o uso do dispositivo concomitante ao CPAP \u00e9 poss\u00edvel diminuir a press\u00e3o do aparelho).<\/p>\n<\/div>\n<\/div>\n<p>&nbsp;<\/p>\n<div class=\"accordion-heading\"><strong>Como age o aparelho intraoral para ronco?<\/strong><\/div>\n<div id=\"collapse69\" class=\"accordion-body in\">\n<div class=\"accordion-inner\">\n<p>Estabiliza a mand\u00edbula contra a maxila impedindo que tecidos moles (tais como a l\u00edngua) fechem a passagem de ar.<\/p>\n<\/div>\n<\/div>\n<p>&nbsp;<\/p>\n<div class=\"accordion-heading\"><strong>Como \u00e9 o tratamento para ronco e apn\u00e9ia?<\/strong><\/div>\n<div id=\"collapse70\" class=\"accordion-body in\">\n<div class=\"accordion-inner\">\n<p>O profissional especializado na \u00e1rea realiza o diagn\u00f3stico para saber qual a gravidade do problema e assim definir como ser\u00e1 o tratamento, podendo envolver orienta\u00e7\u00f5es, mudan\u00e7as de h\u00e1bito, dispositivo interoclusal e tratamento interdisciplinar com m\u00e9dicos.<\/p>\n<\/div>\n<\/div>\n","protected":false},"excerpt":{"rendered":"<p>O que o consult\u00f3rio tem de diferente dos outros? N\u00f3s amamos o que fazemos e nos sentimos extremamente realizados ao ver resultados que produzem bem-estar, auto estima e satisfa\u00e7\u00e3o pessoal. Oferecemos tratamentos com elevado padr\u00e3o profissional, nos quais a busca por excel\u00eancia t\u00e9cnica e de atendimento s\u00e3o alvos a serem alcan\u00e7ados em cada atendimento. Por [&hellip;]<\/p>\n","protected":false},"author":1,"featured_media":0,"parent":0,"menu_order":0,"comment_status":"closed","ping_status":"closed","template":"","meta":{"_joinchat":[],"footnotes":""},"class_list":["post-108","page","type-page","status-publish","hentry"],"_links":{"self":[{"href":"https:\/\/odontodulce.com.br\/index.php\/wp-json\/wp\/v2\/pages\/108","targetHints":{"allow":["GET"]}}],"collection":[{"href":"https:\/\/odontodulce.com.br\/index.php\/wp-json\/wp\/v2\/pages"}],"about":[{"href":"https:\/\/odontodulce.com.br\/index.php\/wp-json\/wp\/v2\/types\/page"}],"author":[{"embeddable":true,"href":"https:\/\/odontodulce.com.br\/index.php\/wp-json\/wp\/v2\/users\/1"}],"replies":[{"embeddable":true,"href":"https:\/\/odontodulce.com.br\/index.php\/wp-json\/wp\/v2\/comments?post=108"}],"version-history":[{"count":0,"href":"https:\/\/odontodulce.com.br\/index.php\/wp-json\/wp\/v2\/pages\/108\/revisions"}],"wp:attachment":[{"href":"https:\/\/odontodulce.com.br\/index.php\/wp-json\/wp\/v2\/media?parent=108"}],"curies":[{"name":"wp","href":"https:\/\/api.w.org\/{rel}","templated":true}]}}